{"id":3,"date":"2024-04-02T09:15:09","date_gmt":"2024-04-02T09:15:09","guid":{"rendered":"https:\/\/sedlogistica.it\/?page_id=3"},"modified":"2024-06-26T06:45:28","modified_gmt":"2024-06-26T06:45:28","slug":"privacy-policy","status":"publish","type":"page","link":"https:\/\/sedlogistica.it\/en\/privacy-policy\/","title":{"rendered":"Privacy Policy"},"content":{"rendered":"<div data-elementor-type=\"wp-page\" data-elementor-id=\"3\" class=\"elementor elementor-3\">\n\t\t\t\t<div class=\"elementor-element elementor-element-609d145b e-flex e-con-boxed e-con e-parent\" data-id=\"609d145b\" data-element_type=\"container\">\n\t\t\t\t\t<div class=\"e-con-inner\">\n\t\t\t\t<div class=\"elementor-element elementor-element-0d275a6 elementor-widget elementor-widget-heading\" data-id=\"0d275a6\" data-element_type=\"widget\" data-widget_type=\"heading.default\">\n\t\t\t\t<div class=\"elementor-widget-container\">\n\t\t\t\t\t<h2 class=\"elementor-heading-title elementor-size-default\">INFORMATIVA SUL TRATTAMENTO DEI DATI PERSONALI\nAI SENSI DELL'ART. 13 REGOLAMENTO EUROPEO N. 2016\/679\n(CLIENTI ID20230411)<\/h2>\t\t\t\t<\/div>\n\t\t\t\t<\/div>\n\t\t\t\t<div class=\"elementor-element elementor-element-ea90f97 elementor-widget elementor-widget-text-editor\" data-id=\"ea90f97\" data-element_type=\"widget\" data-widget_type=\"text-editor.default\">\n\t\t\t\t<div class=\"elementor-widget-container\">\n\t\t\t\t\t\t\t\t\t<p>Ai sensi e per gli effetti del Regolamento Europeo n. 2016\/679 relativo alla protezione delle persone fisiche con riguardo al trattamento dei dati personali nonch\u00e9 alla libera circolazione di tali dati<\/p>\n<p class=\"p1\">(GDPR) e il Codice Privacy (D.Lgs n. 196\/2003), il Titolare del Trattamento fornisce la seguente informativa sul trattamento di dati personali che la riguardano.<br \/><br \/><\/p>\n<p class=\"p1\">DEFINIZIONI<\/p>\n<p class=\"p1\">Dati Personali (Dati): qualsiasi informazione concernente una persona fisica identificata o identificabile (es. nome, cognome, codice fiscale, numero di telefono, targa di veicolo, indirizzo email, fotografia ecc&#8230; ovvero dati che possono rilevare l&#8217;origine razziale o etnica, le opinioni politiche, le convinzioni religiose o filosofiche, o l&#8217;appartenenza sindacale, ovvero dati genetici, dati biometrici intesi a identificare in modo univoco una persona fisica, dati relativi alla salute o alla vita sessuale o all&#8217;orientamento sessuale della persona (questi ultimi detti Dati Particolari)).<\/p>\n<p class=\"p1\">Interessato: la persona fisica a cui i Dati si riferiscono.<\/p>\n<p class=\"p1\">Titolare del Trattamento: colui che determina le finalit\u00e0 e modalit\u00e0 di trattamento di Dati.<\/p>\n<p class=\"p1\">Trattamento: qualsiasi operazione che abbia ad oggetto Dati (ad es. raccolta, registrazione, organizzazione, uso, comunicazione ecc.).<\/p>\n<p class=\"p1\">Responsabile del Trattamento: colui che tratta i Dati per conto del Titolare ai sensi dell&#8217;art. 28<\/p>\n<p class=\"p1\">GDPR.<\/p>\n<p class=\"p1\">Incaricato del Trattamento: colui che tratta i Dati sotto la diretta autorit\u00e0 del Titolare ai sensi<\/p>\n<p class=\"p1\">dell&#8217;art. 29 GDPR.<\/p>\n<p class=\"p1\">Ulteriori definizioni sono presenti all&#8217;art. 4 del GDPR.<\/p>\n<p class=\"p1\">PRINCIPI DEL TRATTAMENTO<\/p>\n<p class=\"p1\">La normativa impone al Titolare di trattare i Dati secondo i principi stabiliti dall&#8217;art. 5 e ss. del GDPR.<\/p>\n<p class=\"p1\">TITOLARE DEL TRATTAMENTO<\/p>\n<p class=\"p1\">Il Titolare del Trattamento \u00e8 S.e.d. S.r.l. corrente in Via Camposampiero, 88\/A 35018 &#8211; San Martino di Lupari (PD) Tel. 049 5950811 &#8211; P. IVA 03328680289.<\/p>\n<p class=\"p1\">1-liceit\u00e0, correttezza e trasparenza: ogni Trattamento deve essere lecito (ovvero secondo diritto), corretto e trasparente nei confronti dell&#8217;Interessato; limitazione delle finalit\u00e0: i Dati devono essere raccolti per finalit\u00e0 esplicite, determinate e legittime e trattati solo per conseguire tali finalit\u00e0, salvo le deroghe previste dalla legge; minimizzazione dei dati: i Dati devono essere adeguati, pertinenti e limitati a quanto necessario rispetto alle finalit\u00e0 perseguite; G: i Dati devono essere esatti e, se necessario, aggiornati; limitazione della conservazione: i Dati devono essere conservati per il tempo necessario al raggiungimento delle finalit\u00e0 previste e poi cancellati o resi anonimi, salvo deroghe di legge; integrit\u00e0 e riservatezza: i Dati devono essere trattati in modo da garantire un&#8217;adeguata sicurezza compresa la protezione, mediante misure tecniche e organizzative adeguate, da trattamenti non autorizzati o illeciti, dalla perdita, dalla distruzione o dal danno accidentale; responsabilizzazione: il Titolare deve comprovare di aver adempiuto a tutte le prescrizioni di legge; privacy by default: il Titolare fin dal momento di determinare i mezzi del trattamento e, poi, all&#8217;atto del Trattamento, mette in atto misure tecniche ed organizzative adeguate per adempiere alle prescrizioni di legge; privacy by design: il Titolare mette in atto misure tecniche ed organizzative adeguate per garantire che siano trattati per impostazione definitiva solo i Dati necessari per ogni specifica finalit\u00e0.<\/p>\n<p>\u00a0<\/p>\n<p class=\"p1\">Il Titolare pu\u00f2 essere contattato ai seguenti recapiti email privacy@sedlogistica.it e Tel. 049<\/p>\n<p class=\"p1\">5950811.<\/p>\n<p class=\"p1\">FINALITA&#8217; DEL TRATTAMENTO E BASI GIURIDICHE<\/p>\n<p class=\"p1\">Premesso che il Trattamento \u00e8 finalizzato unicamente alla corretta e completa esecuzione del rapporto contrattuale in essere e dei conseguenti adempimenti di legge, di seguito indichiamo le specifiche finalit\u00e0 perseguite e le rispettive basi giuridiche? che legittimano il Trattamento.<\/p>\n<table cellspacing=\"0\" cellpadding=\"0\">\n<tbody>\n<tr>\n<td valign=\"top\">\n<p class=\"p1\">FINALITA&#8217; DEL TRATTAMENTO<\/p>\n<\/td>\n<td valign=\"top\">\n<p class=\"p1\">BASE GIURIDICA<\/p>\n<\/td>\n<\/tr>\n<tr>\n<td valign=\"top\">\n<p class=\"p1\">Svolgimento di trattative precontrattuali<\/p>\n<\/td>\n<td valign=\"top\">\n<p class=\"p1\">Art. 6, paragr. 1, lett b)<\/p>\n<\/td>\n<\/tr>\n<tr>\n<td valign=\"top\">\n<p class=\"p1\">Conclusione del contratto<\/p>\n<\/td>\n<td valign=\"top\">\n<p class=\"p1\">Art. 6, paragr. 1, lett b)<\/p>\n<\/td>\n<\/tr>\n<tr>\n<td valign=\"top\">\n<p class=\"p1\">Adempimento-esecuzione contratto<\/p>\n<\/td>\n<td valign=\"top\">\n<p class=\"p1\">Art. 6, paragr. 1, lett b)<\/p>\n<\/td>\n<\/tr>\n<tr>\n<td valign=\"top\">\n<p class=\"p1\">Comunicazione a soggetti terzi richieste dalla legge (Agenzia delle Entrate)<\/p>\n<\/td>\n<td valign=\"top\">\n<p class=\"p1\">Art. 6, paragr. 1, lett b) e c)<\/p>\n<\/td>\n<\/tr>\n<tr>\n<td valign=\"top\">\n<p class=\"p1\">Fatturazione elettronica<\/p>\n<\/td>\n<td valign=\"top\">\n<p class=\"p1\">Art. 6, paragr. 1, lett b) e c)<\/p>\n<\/td>\n<\/tr>\n<tr>\n<td valign=\"top\">\n<p class=\"p1\">Comunicazione a soggetti incaricati della difesa giudiziale\/stragiudiziale della Societ\u00e0<\/p>\n<\/td>\n<td valign=\"top\">\n<p class=\"p1\">Art. 6, paragr. 1, lett b) e c); Art. 9, paragr. 2, lett f)<\/p>\n<\/td>\n<\/tr>\n<\/tbody>\n<\/table>\n<p class=\"p1\">PERIODO DI CONSERVAZIONE DEI DATI<\/p>\n<p class=\"p1\">Rispetto alle finalit\u00e0 sopra elencate i Dati saranno trattati per il tempo di durata del rapporto.<\/p>\n<p class=\"p1\">Successivamente per 10 anni in adempimento degli obblighi di legge (art. 2220 c.c.).<\/p>\n<p class=\"p1\">CONFERIMENTO DEI DATI<\/p>\n<p class=\"p1\">Il conferimento di Dati \u00e8 necessario ai fini dello svolgimento dell&#8217;attivit\u00e0 sociale e degli adempimenti di legge imposti al Titolare. Il mancato conferimento potrebbe determinare l&#8217;impossibilit\u00e0 di concludere il contratto tra il Titolare e l&#8217;Interessato o di adempiere alle prestazioni ivi previste.<\/p>\n<p class=\"p1\">AMBITO DI CIRCOLAZIONE DEI DATI &#8211; CATEGORIE DI DESTINATARI<\/p>\n<p class=\"p1\">I Dati saranno trattati oltre che dal Titolare:<\/p>\n<p class=\"p1\">&#8211; dagli Incaricati che prestano la propria attivit\u00e0 lavorativa alle dipendenze del Titolare;<\/p>\n<p class=\"p1\">2 l&#8217;art. 6, paragr. 1, lett b) ovvero il trattamento \u00e8 necessario per l&#8217;esecuzione di un contratto di cui \u00e8 parte l&#8217;interessato o all&#8217;esecuzione di misure precontrattuali adottate su richiesta dello stesso, lett. c) ovvero il trattamento \u00e8 necessario per adempiere un obbligo legale al quale \u00e8 soggetto il Titolare del trattamento, l&#8217;art. 6 parag.1 lett. f) il trattamento \u00e8 necessario per il perseguimento di un legittimo interesse del Titolare o di terzi, a condizione che non prevalgano gli interessi o i diritti e le libert\u00e0 fondamentali dell&#8217;Interessato che richiedono la protezione dei dati personali in particole se l&#8217;Interessato \u00e8 un minore; l&#8217;art. 9, paragr. 2, lett b) il trattamento \u00e8 necessario per assolvere gli obblighi ed esercitare i diritti specifici del Titolare del trattamento o dell&#8217;Interessato in materia di diritto del lavoro e della sicurezza sociale e protezione sociale; l&#8217;art. 9 par. 2 lett. f) il Trattamento \u00e8 necessario per accertare, esercitare o difendere un diritto in sede giudiziaria o ogniqualvolta le autorit\u00e0 giurisdizionali esercitino le loro funzioni giurisdizionali.<\/p>\n<ul class=\"ul1\">\n<li class=\"li1\">da Responsabili appartenenti alle seguenti categorie: fornitori di servizi informatici, consulenti (liberi professionisti o studi associati o societ\u00e0 di servizi) in materia contabile, legale e fiscale;<\/li>\n<li class=\"li1\">da Titolari Autonomi (soggetti Terzi ai sensi del GDPR) a cui i Dati possono essere comunicati dal Titolare in adempimento delle obbligazioni contrattuali, di obblighi di legge o su specifica richiesta dell&#8217;Interessato (ad esempio l&#8217;Agenzia delle Entrate, gli Istituti Bancari, ecc.).<\/li>\n<\/ul>\n<p class=\"p1\">I Dati non sono soggetti a diffusione ovvero non ne sar\u00e0 data conoscenza a soggetti non determinati.<\/p>\n<p class=\"p1\">TRASFERIMENTO DEI DATI ALL&#8217;ESTERO<\/p>\n<p class=\"p1\">Il Titolare non trasferisce Dati all&#8217;estero.<\/p>\n<p class=\"p1\">DIRITTI DELL&#8217;INTERESSATO<\/p>\n<p class=\"p1\">L&#8217;Interessato ha diritto di:<\/p>\n<ul class=\"ul1\">\n<li class=\"li1\">ricevere informazioni relative al Trattamento dei propri Dati in forma concisa, intelligibile e facilmente accessibile, in un linguaggio semplice e chiaro e in forma scritta (art. 12 GDPR);<\/li>\n<li class=\"li1\">ricevere le informazioni richieste al Titolare senza ingiustificato ritardo e, comunque, entro un mese dalla richiesta, salvo deroghe di legge, gratuitamente salvo eventuale contributo spese<br \/>(art. 12 GDPR);<br \/>di essere informato relativamente al Trattamento dei Dati al momento in cui i Dati sono ottenuti (art. 13 GDPR) o entro un termine ragionevole e, comunque, non oltre un mese o non oltre la prima comunicazione (art. 14 GDPR);<br \/>di ottenere dal Titolare la conferma se sia o meno in corso un Trattamento e di ottenere l&#8217;accesso ai Dati ai sensi dell&#8217;art. 15 GDPR e di avere copia dei Dati oggetto di Trattamento;<\/li>\n<li class=\"li1\">di ottenere dal Titolare la rettifica dei Dati e l&#8217;integrazione dei Dati incompleti senza giustificato<br \/>ritardo (art. 16 GDPR);<br \/>di ottenere dal Titolare la cancellazione dei Dati senza ingiustificato ritardo alle condizioni e nei casi previsti dall&#8217;art. 17 GDPR;<\/li>\n<li class=\"li1\">di ottenere dal Titolare la limitazione del Trattamento ai sensi e per gli effetti dell&#8217;art. 18 GDPR;<\/li>\n<li class=\"li1\">di ricevere in un formato strutturato di uso comune e leggibile da un dispositivo automatico (computer) i Dati forniti al Titolare e trasmetterli ad altro Titolare nei modi e casi di cui all&#8217;art.<\/li>\n<\/ul>\n<p class=\"p1\">20 GDPR;<\/p>\n<p class=\"p1\">di opporsi al trattamento dei Dati in qualsiasi momento per motivi connessi alla sua situazione<\/p>\n<p class=\"p1\">ai sensi dell&#8217;art. 21 GDPR;<\/p>\n<ul class=\"ul1\">\n<li class=\"li1\">di non essere sottoposto a una decisione basata unicamente sul Trattamento automatizzato, compresa la profilazione, che produca effetti giuridici che lo riguardano o che incida in modo analogo significativamente sulla sua persona salvo le deroghe previste dall&#8217;art. 22 GDPR;<\/li>\n<li class=\"li1\">di proporre reclamo all&#8217;autorit\u00e0 di controllo nello stato membro in cui risiede abitualmente, lavora o ove si \u00e8 verificata la violazione (art. 77 GDPR); l&#8217;autorit\u00e0 di controllo in Italia \u00e8 il Garante per la Protezione dei Dati Personali con sede in Piazza Venezia n. 11 &#8211; 00187 Roma; nel caso in cui ritenga che il Trattamento violi le norme di legge;<\/li>\n<li class=\"li1\">di proporre ricorso all&#8217;autorit\u00e0 giurisdizionale nei confronti del Titolare o del Responsabile qualora ritenga che i diritti di cui gode a norma di legge siano stati violati (art. 79 GDPR). Il ricorso\n<p class=\"p1\">pu\u00f2 essere presentato innanzi all&#8217;autorit\u00e0 giurisdizionale dello Stato membro in cui il Titolare o il Responsabile hanno uno stabilimento o dello Stato in cui l&#8217;Interessato risiede abitualmente.<\/p>\n<p class=\"p1\">L&#8217;Interessato pu\u00f2 esercitare i propri diritti contattando il Titolare in qualsiasi momento recapiti<\/p>\n<p class=\"p1\">sopra indicati.<\/p>\n<p class=\"p1\">San Martino di Lupari, l\u00ec 18.04.2023<\/p>\n<\/li>\n<\/ul>\n<p class=\"p1\"><br \/><br \/><br \/><\/p>\t\t\t\t\t\t\t\t<\/div>\n\t\t\t\t<\/div>\n\t\t\t\t\t<\/div>\n\t\t\t\t<\/div>\n\t\t\t\t<\/div>","protected":false},"excerpt":{"rendered":"<p>INFORMATIVA SUL TRATTAMENTO DEI DATI PERSONALI AI SENSI DELL&#8217;ART. 13 REGOLAMENTO EUROPEO N. 2016\/679 (CLIENTI ID20230411) Ai sensi e per gli effetti del Regolamento Europeo n. 2016\/679 relativo alla protezione delle persone fisiche con riguardo al trattamento dei dati personali nonch\u00e9 alla libera circolazione di tali dati (GDPR) e il Codice Privacy (D.Lgs n. 196\/2003), [&hellip;]<\/p>","protected":false},"author":1,"featured_media":209,"parent":0,"menu_order":0,"comment_status":"closed","ping_status":"closed","template":"","meta":{"footnotes":""},"class_list":["post-3","page","type-page","status-publish","has-post-thumbnail","hentry"],"yoast_head":"<!-- This site is optimized with the Yoast SEO plugin v23.6 - https:\/\/yoast.com\/wordpress\/plugins\/seo\/ -->\n<title>Privacy Policy - Sed Logistica<\/title>\n<meta name=\"robots\" content=\"index, follow, max-snippet:-1, max-image-preview:large, max-video-preview:-1\" \/>\n<link rel=\"canonical\" href=\"https:\/\/sedlogistica.it\/en\/privacy-policy\/\" \/>\n<meta property=\"og:locale\" content=\"en_GB\" \/>\n<meta property=\"og:type\" content=\"article\" \/>\n<meta property=\"og:title\" content=\"Privacy Policy - Sed Logistica\" \/>\n<meta property=\"og:description\" content=\"INFORMATIVA SUL TRATTAMENTO DEI DATI PERSONALI AI SENSI DELL&#8217;ART. 13 REGOLAMENTO EUROPEO N. 2016\/679 (CLIENTI ID20230411) Ai sensi e per gli effetti del Regolamento Europeo n. 2016\/679 relativo alla protezione delle persone fisiche con riguardo al trattamento dei dati personali nonch\u00e9 alla libera circolazione di tali dati (GDPR) e il Codice Privacy (D.Lgs n. 196\/2003), [&hellip;]\" \/>\n<meta property=\"og:url\" content=\"https:\/\/sedlogistica.it\/en\/privacy-policy\/\" \/>\n<meta property=\"og:site_name\" content=\"Sed Logistica\" \/>\n<meta property=\"article:modified_time\" content=\"2024-06-26T06:45:28+00:00\" \/>\n<meta property=\"og:image\" content=\"https:\/\/sedlogistica.it\/wp-content\/uploads\/2024\/05\/Progetto-senza-titolo-2-1.jpg\" \/>\n\t<meta property=\"og:image:width\" content=\"1920\" \/>\n\t<meta property=\"og:image:height\" content=\"600\" \/>\n\t<meta property=\"og:image:type\" content=\"image\/jpeg\" \/>\n<meta name=\"twitter:card\" content=\"summary_large_image\" \/>\n<meta name=\"twitter:label1\" content=\"Estimated reading time\" \/>\n\t<meta name=\"twitter:data1\" content=\"7 minutes\" \/>\n<script type=\"application\/ld+json\" class=\"yoast-schema-graph\">{\"@context\":\"https:\/\/schema.org\",\"@graph\":[{\"@type\":\"WebPage\",\"@id\":\"https:\/\/sedlogistica.it\/privacy-policy\/\",\"url\":\"https:\/\/sedlogistica.it\/privacy-policy\/\",\"name\":\"Privacy Policy - Sed Logistica\",\"isPartOf\":{\"@id\":\"https:\/\/sedlogistica.it\/#website\"},\"primaryImageOfPage\":{\"@id\":\"https:\/\/sedlogistica.it\/privacy-policy\/#primaryimage\"},\"image\":{\"@id\":\"https:\/\/sedlogistica.it\/privacy-policy\/#primaryimage\"},\"thumbnailUrl\":\"https:\/\/sedlogistica.it\/wp-content\/uploads\/2024\/05\/Progetto-senza-titolo-2-1.jpg\",\"datePublished\":\"2024-04-02T09:15:09+00:00\",\"dateModified\":\"2024-06-26T06:45:28+00:00\",\"breadcrumb\":{\"@id\":\"https:\/\/sedlogistica.it\/privacy-policy\/#breadcrumb\"},\"inLanguage\":\"en-GB\",\"potentialAction\":[{\"@type\":\"ReadAction\",\"target\":[\"https:\/\/sedlogistica.it\/privacy-policy\/\"]}]},{\"@type\":\"ImageObject\",\"inLanguage\":\"en-GB\",\"@id\":\"https:\/\/sedlogistica.it\/privacy-policy\/#primaryimage\",\"url\":\"https:\/\/sedlogistica.it\/wp-content\/uploads\/2024\/05\/Progetto-senza-titolo-2-1.jpg\",\"contentUrl\":\"https:\/\/sedlogistica.it\/wp-content\/uploads\/2024\/05\/Progetto-senza-titolo-2-1.jpg\",\"width\":1920,\"height\":600},{\"@type\":\"BreadcrumbList\",\"@id\":\"https:\/\/sedlogistica.it\/privacy-policy\/#breadcrumb\",\"itemListElement\":[{\"@type\":\"ListItem\",\"position\":1,\"name\":\"Home\",\"item\":\"https:\/\/sedlogistica.it\/\"},{\"@type\":\"ListItem\",\"position\":2,\"name\":\"Privacy Policy\"}]},{\"@type\":\"WebSite\",\"@id\":\"https:\/\/sedlogistica.it\/#website\",\"url\":\"https:\/\/sedlogistica.it\/\",\"name\":\"Sed Logistica\",\"description\":\"Spedizioni e distribuzioni\",\"publisher\":{\"@id\":\"https:\/\/sedlogistica.it\/#organization\"},\"potentialAction\":[{\"@type\":\"SearchAction\",\"target\":{\"@type\":\"EntryPoint\",\"urlTemplate\":\"https:\/\/sedlogistica.it\/?s={search_term_string}\"},\"query-input\":{\"@type\":\"PropertyValueSpecification\",\"valueRequired\":true,\"valueName\":\"search_term_string\"}}],\"inLanguage\":\"en-GB\"},{\"@type\":\"Organization\",\"@id\":\"https:\/\/sedlogistica.it\/#organization\",\"name\":\"Sed Logistica\",\"url\":\"https:\/\/sedlogistica.it\/\",\"logo\":{\"@type\":\"ImageObject\",\"inLanguage\":\"en-GB\",\"@id\":\"https:\/\/sedlogistica.it\/#\/schema\/logo\/image\/\",\"url\":\"https:\/\/sedlogistica.it\/wp-content\/uploads\/2024\/06\/cropped-Screenshot-2024-06-26-alle-08.48.08.png\",\"contentUrl\":\"https:\/\/sedlogistica.it\/wp-content\/uploads\/2024\/06\/cropped-Screenshot-2024-06-26-alle-08.48.08.png\",\"width\":2015,\"height\":2136,\"caption\":\"Sed Logistica\"},\"image\":{\"@id\":\"https:\/\/sedlogistica.it\/#\/schema\/logo\/image\/\"}}]}<\/script>\n<!-- \/ Yoast SEO plugin. -->","yoast_head_json":{"title":"Privacy Policy - Sed Logistica","robots":{"index":"index","follow":"follow","max-snippet":"max-snippet:-1","max-image-preview":"max-image-preview:large","max-video-preview":"max-video-preview:-1"},"canonical":"https:\/\/sedlogistica.it\/en\/privacy-policy\/","og_locale":"en_GB","og_type":"article","og_title":"Privacy Policy - Sed Logistica","og_description":"INFORMATIVA SUL TRATTAMENTO DEI DATI PERSONALI AI SENSI DELL&#8217;ART. 13 REGOLAMENTO EUROPEO N. 2016\/679 (CLIENTI ID20230411) Ai sensi e per gli effetti del Regolamento Europeo n. 2016\/679 relativo alla protezione delle persone fisiche con riguardo al trattamento dei dati personali nonch\u00e9 alla libera circolazione di tali dati (GDPR) e il Codice Privacy (D.Lgs n. 196\/2003), [&hellip;]","og_url":"https:\/\/sedlogistica.it\/en\/privacy-policy\/","og_site_name":"Sed Logistica","article_modified_time":"2024-06-26T06:45:28+00:00","og_image":[{"width":1920,"height":600,"url":"https:\/\/sedlogistica.it\/wp-content\/uploads\/2024\/05\/Progetto-senza-titolo-2-1.jpg","type":"image\/jpeg"}],"twitter_card":"summary_large_image","twitter_misc":{"Estimated reading time":"7 minutes"},"schema":{"@context":"https:\/\/schema.org","@graph":[{"@type":"WebPage","@id":"https:\/\/sedlogistica.it\/privacy-policy\/","url":"https:\/\/sedlogistica.it\/privacy-policy\/","name":"Privacy Policy - Sed Logistica","isPartOf":{"@id":"https:\/\/sedlogistica.it\/#website"},"primaryImageOfPage":{"@id":"https:\/\/sedlogistica.it\/privacy-policy\/#primaryimage"},"image":{"@id":"https:\/\/sedlogistica.it\/privacy-policy\/#primaryimage"},"thumbnailUrl":"https:\/\/sedlogistica.it\/wp-content\/uploads\/2024\/05\/Progetto-senza-titolo-2-1.jpg","datePublished":"2024-04-02T09:15:09+00:00","dateModified":"2024-06-26T06:45:28+00:00","breadcrumb":{"@id":"https:\/\/sedlogistica.it\/privacy-policy\/#breadcrumb"},"inLanguage":"en-GB","potentialAction":[{"@type":"ReadAction","target":["https:\/\/sedlogistica.it\/privacy-policy\/"]}]},{"@type":"ImageObject","inLanguage":"en-GB","@id":"https:\/\/sedlogistica.it\/privacy-policy\/#primaryimage","url":"https:\/\/sedlogistica.it\/wp-content\/uploads\/2024\/05\/Progetto-senza-titolo-2-1.jpg","contentUrl":"https:\/\/sedlogistica.it\/wp-content\/uploads\/2024\/05\/Progetto-senza-titolo-2-1.jpg","width":1920,"height":600},{"@type":"BreadcrumbList","@id":"https:\/\/sedlogistica.it\/privacy-policy\/#breadcrumb","itemListElement":[{"@type":"ListItem","position":1,"name":"Home","item":"https:\/\/sedlogistica.it\/"},{"@type":"ListItem","position":2,"name":"Privacy Policy"}]},{"@type":"WebSite","@id":"https:\/\/sedlogistica.it\/#website","url":"https:\/\/sedlogistica.it\/","name":"Sed Logistica","description":"Spedizioni e distribuzioni","publisher":{"@id":"https:\/\/sedlogistica.it\/#organization"},"potentialAction":[{"@type":"SearchAction","target":{"@type":"EntryPoint","urlTemplate":"https:\/\/sedlogistica.it\/?s={search_term_string}"},"query-input":{"@type":"PropertyValueSpecification","valueRequired":true,"valueName":"search_term_string"}}],"inLanguage":"en-GB"},{"@type":"Organization","@id":"https:\/\/sedlogistica.it\/#organization","name":"Sed Logistica","url":"https:\/\/sedlogistica.it\/","logo":{"@type":"ImageObject","inLanguage":"en-GB","@id":"https:\/\/sedlogistica.it\/#\/schema\/logo\/image\/","url":"https:\/\/sedlogistica.it\/wp-content\/uploads\/2024\/06\/cropped-Screenshot-2024-06-26-alle-08.48.08.png","contentUrl":"https:\/\/sedlogistica.it\/wp-content\/uploads\/2024\/06\/cropped-Screenshot-2024-06-26-alle-08.48.08.png","width":2015,"height":2136,"caption":"Sed Logistica"},"image":{"@id":"https:\/\/sedlogistica.it\/#\/schema\/logo\/image\/"}}]}},"_links":{"self":[{"href":"https:\/\/sedlogistica.it\/en\/wp-json\/wp\/v2\/pages\/3","targetHints":{"allow":["GET"]}}],"collection":[{"href":"https:\/\/sedlogistica.it\/en\/wp-json\/wp\/v2\/pages"}],"about":[{"href":"https:\/\/sedlogistica.it\/en\/wp-json\/wp\/v2\/types\/page"}],"author":[{"embeddable":true,"href":"https:\/\/sedlogistica.it\/en\/wp-json\/wp\/v2\/users\/1"}],"replies":[{"embeddable":true,"href":"https:\/\/sedlogistica.it\/en\/wp-json\/wp\/v2\/comments?post=3"}],"version-history":[{"count":7,"href":"https:\/\/sedlogistica.it\/en\/wp-json\/wp\/v2\/pages\/3\/revisions"}],"predecessor-version":[{"id":409,"href":"https:\/\/sedlogistica.it\/en\/wp-json\/wp\/v2\/pages\/3\/revisions\/409"}],"wp:featuredmedia":[{"embeddable":true,"href":"https:\/\/sedlogistica.it\/en\/wp-json\/wp\/v2\/media\/209"}],"wp:attachment":[{"href":"https:\/\/sedlogistica.it\/en\/wp-json\/wp\/v2\/media?parent=3"}],"curies":[{"name":"wp","href":"https:\/\/api.w.org\/{rel}","templated":true}]}}